{"id":21395,"date":"2014-03-26T08:17:14","date_gmt":"2014-03-26T08:17:14","guid":{"rendered":"https:\/\/www.bluehoteles.es\/apartamentos-turisticos-san-esteban\/imagenes\/"},"modified":"2019-03-18T11:21:27","modified_gmt":"2019-03-18T10:21:27","slug":"gallery","status":"publish","type":"page","link":"https:\/\/www.bluehoteles.es\/apartamentos-urban-blue\/en\/gallery\/","title":{"rendered":"Gallery"},"content":{"rendered":"<p>[vc_row row_type=&#8221;row&#8221; use_row_as_full_screen_section=&#8221;no&#8221; type=&#8221;grid&#8221; angled_section=&#8221;no&#8221; text_align=&#8221;left&#8221; background_image_as_pattern=&#8221;without_pattern&#8221; background_color=&#8221;#ffffff&#8221; border_color=&#8221;#ffffff&#8221; padding_top=&#8221;70&#8243; padding_bottom=&#8221;70&#8243; css_animation=&#8221;&#8221;][vc_column][vc_gallery type=&#8221;image_grid&#8221; images=&#8221;22172,22165,22171,22164,22147,22170,22148,22150,22149,22198,22207,22151,22208,22209,22139,22140,22197,22141,22199,22205,22142,22143,22166,22135,22204,22206,22136,22195,22134,22196,22163,22200,22173,22146,22145,22194,22144,22193,22161,22162,22168,22203,22202,22201,22191,22156,22132,22131,22155,22152,22153&#8243; img_size=&#8221;600&#215;600&#8243; column_number=&#8221;4&#8243; grayscale=&#8221;no&#8221; images_space=&#8221;gallery_with_space&#8221;][\/vc_column][\/vc_row]<\/p>\n","protected":false},"excerpt":{"rendered":"<p>[vc_row row_type=&#8221;row&#8221; use_row_as_full_screen_section=&#8221;no&#8221; type=&#8221;grid&#8221; angled_section=&#8221;no&#8221; text_align=&#8221;left&#8221; background_image_as_pattern=&#8221;without_pattern&#8221; background_color=&#8221;#ffffff&#8221; border_color=&#8221;#ffffff&#8221; padding_top=&#8221;70&#8243; padding_bottom=&#8221;70&#8243; css_animation=&#8221;&#8221;][vc_column][vc_gallery type=&#8221;image_grid&#8221; images=&#8221;22172,22165,22171,22164,22147,22170,22148,22150,22149,22198,22207,22151,22208,22209,22139,22140,22197,22141,22199,22205,22142,22143,22166,22135,22204,22206,22136,22195,22134,22196,22163,22200,22173,22146,22145,22194,22144,22193,22161,22162,22168,22203,22202,22201,22191,22156,22132,22131,22155,22152,22153&#8243; img_size=&#8221;600&#215;600&#8243; column_number=&#8221;4&#8243; grayscale=&#8221;no&#8221; images_space=&#8221;gallery_with_space&#8221;][\/vc_column][\/vc_row]<\/p>\n","protected":false},"author":4,"featured_media":0,"parent":0,"menu_order":0,"comment_status":"open","ping_status":"open","template":"full_width.php","meta":{"footnotes":""},"yoast_head":"<!-- This site is optimized with the Yoast SEO plugin v22.2 - https:\/\/yoast.com\/wordpress\/plugins\/seo\/ -->\n<title>Gallery of images of the Apartamentos Urban Blue in Gij\u00f3n, Espa\u00f1a<\/title>\n<meta name=\"description\" content=\"Here you can discover our Apartments Urban Blue in Gij\u00f3n through its gallery of images.\" \/>\n<meta name=\"robots\" content=\"index, follow, max-snippet:-1, max-image-preview:large, max-video-preview:-1\" \/>\n<link rel=\"canonical\" href=\"https:\/\/www.bluehoteles.es\/apartamentos-urban-blue\/galeria\/\" \/>\n<meta property=\"og:locale\" content=\"en_US\" \/>\n<meta property=\"og:type\" content=\"article\" \/>\n<meta property=\"og:title\" content=\"Gallery of images of the Apartamentos Urban Blue in Gij\u00f3n, Espa\u00f1a\" \/>\n<meta property=\"og:description\" content=\"Here you can discover our Apartments Urban Blue in Gij\u00f3n through its gallery of images.\" \/>\n<meta property=\"og:url\" content=\"https:\/\/www.bluehoteles.es\/apartamentos-urban-blue\/galeria\/\" \/>\n<meta property=\"og:site_name\" content=\"Aptos Urban Blue Gij\u00f3n\" \/>\n<meta property=\"article:modified_time\" content=\"2019-03-18T10:21:27+00:00\" \/>\n<meta name=\"twitter:card\" content=\"summary_large_image\" \/>\n<script type=\"application\/ld+json\" class=\"yoast-schema-graph\">{\"@context\":\"https:\/\/schema.org\",\"@graph\":[{\"@type\":\"WebPage\",\"@id\":\"https:\/\/www.bluehoteles.es\/apartamentos-urban-blue\/galeria\/\",\"url\":\"https:\/\/www.bluehoteles.es\/apartamentos-urban-blue\/galeria\/\",\"name\":\"Gallery of images of the Apartamentos Urban Blue in Gij\u00f3n, Espa\u00f1a\",\"isPartOf\":{\"@id\":\"https:\/\/www.bluehoteles.es\/apartamentos-urban-blue\/#website\"},\"datePublished\":\"2014-03-26T08:17:14+00:00\",\"dateModified\":\"2019-03-18T10:21:27+00:00\",\"description\":\"Here you can discover our Apartments Urban Blue in Gij\u00f3n through its gallery of images.\",\"breadcrumb\":{\"@id\":\"https:\/\/www.bluehoteles.es\/apartamentos-urban-blue\/galeria\/#breadcrumb\"},\"inLanguage\":\"en-US\",\"potentialAction\":[{\"@type\":\"ReadAction\",\"target\":[\"https:\/\/www.bluehoteles.es\/apartamentos-urban-blue\/galeria\/\"]}]},{\"@type\":\"BreadcrumbList\",\"@id\":\"https:\/\/www.bluehoteles.es\/apartamentos-urban-blue\/galeria\/#breadcrumb\",\"itemListElement\":[{\"@type\":\"ListItem\",\"position\":1,\"name\":\"Portada\",\"item\":\"https:\/\/www.bluehoteles.es\/apartamentos-urban-blue\/en\/\"},{\"@type\":\"ListItem\",\"position\":2,\"name\":\"Gallery\"}]},{\"@type\":\"WebSite\",\"@id\":\"https:\/\/www.bluehoteles.es\/apartamentos-urban-blue\/#website\",\"url\":\"https:\/\/www.bluehoteles.es\/apartamentos-urban-blue\/\",\"name\":\"Aptos Urban Blue Gij\u00f3n\",\"description\":\"Apartamentos Urban Blue Gij\u00f3n\",\"potentialAction\":[{\"@type\":\"SearchAction\",\"target\":{\"@type\":\"EntryPoint\",\"urlTemplate\":\"https:\/\/www.bluehoteles.es\/apartamentos-urban-blue\/?s={search_term_string}\"},\"query-input\":\"required name=search_term_string\"}],\"inLanguage\":\"en-US\"}]}<\/script>\n<!-- \/ Yoast SEO plugin. -->","yoast_head_json":{"title":"Gallery of images of the Apartamentos Urban Blue in Gij\u00f3n, Espa\u00f1a","description":"Here you can discover our Apartments Urban Blue in Gij\u00f3n through its gallery of images.","robots":{"index":"index","follow":"follow","max-snippet":"max-snippet:-1","max-image-preview":"max-image-preview:large","max-video-preview":"max-video-preview:-1"},"canonical":"https:\/\/www.bluehoteles.es\/apartamentos-urban-blue\/galeria\/","og_locale":"en_US","og_type":"article","og_title":"Gallery of images of the Apartamentos Urban Blue in Gij\u00f3n, Espa\u00f1a","og_description":"Here you can discover our Apartments Urban Blue in Gij\u00f3n through its gallery of images.","og_url":"https:\/\/www.bluehoteles.es\/apartamentos-urban-blue\/galeria\/","og_site_name":"Aptos Urban Blue Gij\u00f3n","article_modified_time":"2019-03-18T10:21:27+00:00","twitter_card":"summary_large_image","schema":{"@context":"https:\/\/schema.org","@graph":[{"@type":"WebPage","@id":"https:\/\/www.bluehoteles.es\/apartamentos-urban-blue\/galeria\/","url":"https:\/\/www.bluehoteles.es\/apartamentos-urban-blue\/galeria\/","name":"Gallery of images of the Apartamentos Urban Blue in Gij\u00f3n, Espa\u00f1a","isPartOf":{"@id":"https:\/\/www.bluehoteles.es\/apartamentos-urban-blue\/#website"},"datePublished":"2014-03-26T08:17:14+00:00","dateModified":"2019-03-18T10:21:27+00:00","description":"Here you can discover our Apartments Urban Blue in Gij\u00f3n through its gallery of images.","breadcrumb":{"@id":"https:\/\/www.bluehoteles.es\/apartamentos-urban-blue\/galeria\/#breadcrumb"},"inLanguage":"en-US","potentialAction":[{"@type":"ReadAction","target":["https:\/\/www.bluehoteles.es\/apartamentos-urban-blue\/galeria\/"]}]},{"@type":"BreadcrumbList","@id":"https:\/\/www.bluehoteles.es\/apartamentos-urban-blue\/galeria\/#breadcrumb","itemListElement":[{"@type":"ListItem","position":1,"name":"Portada","item":"https:\/\/www.bluehoteles.es\/apartamentos-urban-blue\/en\/"},{"@type":"ListItem","position":2,"name":"Gallery"}]},{"@type":"WebSite","@id":"https:\/\/www.bluehoteles.es\/apartamentos-urban-blue\/#website","url":"https:\/\/www.bluehoteles.es\/apartamentos-urban-blue\/","name":"Aptos Urban Blue Gij\u00f3n","description":"Apartamentos Urban Blue Gij\u00f3n","potentialAction":[{"@type":"SearchAction","target":{"@type":"EntryPoint","urlTemplate":"https:\/\/www.bluehoteles.es\/apartamentos-urban-blue\/?s={search_term_string}"},"query-input":"required name=search_term_string"}],"inLanguage":"en-US"}]}},"_links":{"self":[{"href":"https:\/\/www.bluehoteles.es\/apartamentos-urban-blue\/en\/wp-json\/wp\/v2\/pages\/21395"}],"collection":[{"href":"https:\/\/www.bluehoteles.es\/apartamentos-urban-blue\/en\/wp-json\/wp\/v2\/pages"}],"about":[{"href":"https:\/\/www.bluehoteles.es\/apartamentos-urban-blue\/en\/wp-json\/wp\/v2\/types\/page"}],"author":[{"embeddable":true,"href":"https:\/\/www.bluehoteles.es\/apartamentos-urban-blue\/en\/wp-json\/wp\/v2\/users\/4"}],"replies":[{"embeddable":true,"href":"https:\/\/www.bluehoteles.es\/apartamentos-urban-blue\/en\/wp-json\/wp\/v2\/comments?post=21395"}],"version-history":[{"count":10,"href":"https:\/\/www.bluehoteles.es\/apartamentos-urban-blue\/en\/wp-json\/wp\/v2\/pages\/21395\/revisions"}],"predecessor-version":[{"id":22212,"href":"https:\/\/www.bluehoteles.es\/apartamentos-urban-blue\/en\/wp-json\/wp\/v2\/pages\/21395\/revisions\/22212"}],"wp:attachment":[{"href":"https:\/\/www.bluehoteles.es\/apartamentos-urban-blue\/en\/wp-json\/wp\/v2\/media?parent=21395"}],"curies":[{"name":"wp","href":"https:\/\/api.w.org\/{rel}","templated":true}]}}