{"id":21638,"date":"2018-05-07T10:19:23","date_gmt":"2018-05-07T09:19:23","guid":{"rendered":"https:\/\/www.bluehoteles.es\/marques-de-san-esteban\/inicio-hotel-blue-marques-de-san-esteban\/"},"modified":"2025-04-09T10:06:23","modified_gmt":"2025-04-09T09:06:23","slug":"inicio-hotel-blue-marques-de-san-esteban-2","status":"publish","type":"page","link":"https:\/\/www.bluehoteles.es\/marques-de-san-esteban\/fr\/","title":{"rendered":"Accueil Hotel Marqu\u00e9s Gij\u00f3n"},"content":{"rendered":"<p>[vc_row row_type=&#8221;row&#8221; use_row_as_full_screen_section=&#8221;no&#8221; type=&#8221;full_width&#8221; anchor=&#8221;siguiente&#8221; angled_section=&#8221;no&#8221; text_align=&#8221;left&#8221; background_image_as_pattern=&#8221;without_pattern&#8221; background_color=&#8221;#ffffff&#8221; padding_top=&#8221;54&#8243; css_animation=&#8221;&#8221;][vc_column][vc_column_text]<\/p>\n<h2 style=\"text-align: center;\">Emplacement\u00a0H\u00f4tel Marqu\u00e9s\u00a0Gij\u00f3n<\/h2>\n<p>[\/vc_column_text][vc_empty_space height=&#8221;54px&#8221;][vc_gmaps link=&#8221;#E-8_JTNDaWZyYW1lJTIwc3JjJTNEJTIyaHR0cHMlM0ElMkYlMkZ3d3cuZ29vZ2xlLmNvbSUyRm1hcHMlMkZlbWJlZCUzRnBiJTNEJTIxMW0xOCUyMTFtMTIlMjExbTMlMjExZDI4OTIuMDU0MDQwNzkxMTAyJTIxMmQtNS42NjU2OTEyOTk5OTk5OTklMjEzZDQzLjU0MjkxNTQlMjEybTMlMjExZjAlMjEyZjAlMjEzZjAlMjEzbTIlMjExaTEwMjQlMjEyaTc2OCUyMTRmMTMuMSUyMTNtMyUyMTFtMiUyMTFzMHhkMzY3YzY3OWJmNzZiM2IlMjUzQTB4YmYyODg5NWM1ZjQyNTkxNSUyMTJzSG90ZWwlMjUyME1hcnF1JTI1QzMlMjVBOXMlMjE1ZTAlMjEzbTIlMjExc2VzJTIxMnNlcyUyMTR2MTc0NDE4OTQ4Mjk4MiUyMTVtMiUyMTFzZXMlMjEyc2VzJTIyJTIwd2lkdGglM0QlMjI4MDAlMjIlMjBoZWlnaHQlM0QlMjI2MDAlMjIlMjBzdHlsZSUzRCUyMmJvcmRlciUzQTAlM0IlMjIlMjBhbGxvd2Z1bGxzY3JlZW4lM0QlMjIlMjIlMjBsb2FkaW5nJTNEJTIybGF6eSUyMiUyMHJlZmVycmVycG9saWN5JTNEJTIybm8tcmVmZXJyZXItd2hlbi1kb3duZ3JhZGUlMjIlM0UlM0MlMkZpZnJhbWUlM0U=&#8221; size=&#8221;510&#8243;][\/vc_column][\/vc_row]<\/p>\n","protected":false},"excerpt":{"rendered":"<p>[vc_row row_type=&#8221;row&#8221; use_row_as_full_screen_section=&#8221;no&#8221; type=&#8221;full_width&#8221; anchor=&#8221;siguiente&#8221; angled_section=&#8221;no&#8221; text_align=&#8221;left&#8221; background_image_as_pattern=&#8221;without_pattern&#8221; background_color=&#8221;#ffffff&#8221; padding_top=&#8221;54&#8243; css_animation=&#8221;&#8221;][vc_column][vc_column_text] Emplacement\u00a0H\u00f4tel Marqu\u00e9s\u00a0Gij\u00f3n [\/vc_column_text][vc_empty_space height=&#8221;54px&#8221;][vc_gmaps link=&#8221;#E-8_JTNDaWZyYW1lJTIwc3JjJTNEJTIyaHR0cHMlM0ElMkYlMkZ3d3cuZ29vZ2xlLmNvbSUyRm1hcHMlMkZlbWJlZCUzRnBiJTNEJTIxMW0xOCUyMTFtMTIlMjExbTMlMjExZDI4OTIuMDU0MDQwNzkxMTAyJTIxMmQtNS42NjU2OTEyOTk5OTk5OTklMjEzZDQzLjU0MjkxNTQlMjEybTMlMjExZjAlMjEyZjAlMjEzZjAlMjEzbTIlMjExaTEwMjQlMjEyaTc2OCUyMTRmMTMuMSUyMTNtMyUyMTFtMiUyMTFzMHhkMzY3YzY3OWJmNzZiM2IlMjUzQTB4YmYyODg5NWM1ZjQyNTkxNSUyMTJzSG90ZWwlMjUyME1hcnF1JTI1QzMlMjVBOXMlMjE1ZTAlMjEzbTIlMjExc2VzJTIxMnNlcyUyMTR2MTc0NDE4OTQ4Mjk4MiUyMTVtMiUyMTFzZXMlMjEyc2VzJTIyJTIwd2lkdGglM0QlMjI4MDAlMjIlMjBoZWlnaHQlM0QlMjI2MDAlMjIlMjBzdHlsZSUzRCUyMmJvcmRlciUzQTAlM0IlMjIlMjBhbGxvd2Z1bGxzY3JlZW4lM0QlMjIlMjIlMjBsb2FkaW5nJTNEJTIybGF6eSUyMiUyMHJlZmVycmVycG9saWN5JTNEJTIybm8tcmVmZXJyZXItd2hlbi1kb3duZ3JhZGUlMjIlM0UlM0MlMkZpZnJhbWUlM0U=&#8221; size=&#8221;510&#8243;][\/vc_column][\/vc_row]<\/p>\n","protected":false},"author":5,"featured_media":0,"parent":0,"menu_order":0,"comment_status":"open","ping_status":"open","template":"full_width.php","meta":{"footnotes":""},"yoast_head":"<!-- This site is optimized with the Yoast SEO plugin v22.2 - https:\/\/yoast.com\/wordpress\/plugins\/seo\/ -->\n<title>HOTEL MARQU\u00c9S \u00ae,\u00a0Gij\u00f3n, Espagne - BLUE HOTELES - Site Web officiel<\/title>\n<meta name=\"description\" content=\"R\u00e9servez directement avec\u00a0\u2705\u00a0Hotel Marqu\u00e9s \u00ae\u00a0\u2705, dans le centre de Gij\u00f3n, \u00e0 3 minutes \u00e0 pied de la plage. WiFi gratuit et le meilleur prix garanti\" \/>\n<meta name=\"robots\" content=\"index, follow, max-snippet:-1, max-image-preview:large, max-video-preview:-1\" \/>\n<link rel=\"canonical\" href=\"https:\/\/www.bluehoteles.es\/marques-de-san-esteban\/fr\/\" \/>\n<meta property=\"og:locale\" content=\"fr_FR\" \/>\n<meta property=\"og:type\" content=\"article\" \/>\n<meta property=\"og:title\" content=\"HOTEL MARQU\u00c9S \u00ae,\u00a0Gij\u00f3n, Espagne - BLUE HOTELES - Site Web officiel\" \/>\n<meta property=\"og:description\" content=\"R\u00e9servez directement avec\u00a0\u2705\u00a0Hotel Marqu\u00e9s \u00ae\u00a0\u2705, dans le centre de Gij\u00f3n, \u00e0 3 minutes \u00e0 pied de la plage. WiFi gratuit et le meilleur prix garanti\" \/>\n<meta property=\"og:url\" content=\"https:\/\/www.bluehoteles.es\/marques-de-san-esteban\/fr\/\" \/>\n<meta property=\"og:site_name\" content=\"Hotel Marqu\u00e9s Gij\u00f3n\" \/>\n<meta property=\"article:modified_time\" content=\"2025-04-09T09:06:23+00:00\" \/>\n<meta name=\"twitter:card\" content=\"summary_large_image\" \/>\n<meta name=\"twitter:label1\" content=\"Est. reading time\" \/>\n\t<meta name=\"twitter:data1\" content=\"1 minute\" \/>\n<script type=\"application\/ld+json\" class=\"yoast-schema-graph\">{\"@context\":\"https:\/\/schema.org\",\"@graph\":[{\"@type\":\"WebPage\",\"@id\":\"https:\/\/www.bluehoteles.es\/marques-de-san-esteban\/fr\/\",\"url\":\"https:\/\/www.bluehoteles.es\/marques-de-san-esteban\/fr\/\",\"name\":\"HOTEL MARQU\u00c9S \u00ae,\u00a0Gij\u00f3n, Espagne - BLUE HOTELES - Site Web officiel\",\"isPartOf\":{\"@id\":\"https:\/\/www.bluehoteles.es\/marques-de-san-esteban\/#website\"},\"datePublished\":\"2018-05-07T09:19:23+00:00\",\"dateModified\":\"2025-04-09T09:06:23+00:00\",\"description\":\"R\u00e9servez directement avec\u00a0\u2705\u00a0Hotel Marqu\u00e9s \u00ae\u00a0\u2705, dans le centre de Gij\u00f3n, \u00e0 3 minutes \u00e0 pied de la plage. WiFi gratuit et le meilleur prix garanti\",\"breadcrumb\":{\"@id\":\"https:\/\/www.bluehoteles.es\/marques-de-san-esteban\/fr\/#breadcrumb\"},\"inLanguage\":\"fr-FR\",\"potentialAction\":[{\"@type\":\"ReadAction\",\"target\":[\"https:\/\/www.bluehoteles.es\/marques-de-san-esteban\/fr\/\"]}]},{\"@type\":\"BreadcrumbList\",\"@id\":\"https:\/\/www.bluehoteles.es\/marques-de-san-esteban\/fr\/#breadcrumb\",\"itemListElement\":[{\"@type\":\"ListItem\",\"position\":1,\"name\":\"Portada\",\"item\":\"https:\/\/www.bluehoteles.es\/marques-de-san-esteban\/fr\/\"},{\"@type\":\"ListItem\",\"position\":2,\"name\":\"Accueil Hotel Marqu\u00e9s Gij\u00f3n\"}]},{\"@type\":\"WebSite\",\"@id\":\"https:\/\/www.bluehoteles.es\/marques-de-san-esteban\/#website\",\"url\":\"https:\/\/www.bluehoteles.es\/marques-de-san-esteban\/\",\"name\":\"Hotel Marqu\u00e9s Gij\u00f3n\",\"description\":\"BLUE HOTEL Marqu\u00e9s de San Esteban\",\"potentialAction\":[{\"@type\":\"SearchAction\",\"target\":{\"@type\":\"EntryPoint\",\"urlTemplate\":\"https:\/\/www.bluehoteles.es\/marques-de-san-esteban\/?s={search_term_string}\"},\"query-input\":\"required name=search_term_string\"}],\"inLanguage\":\"fr-FR\"}]}<\/script>\n<!-- \/ Yoast SEO plugin. -->","yoast_head_json":{"title":"HOTEL MARQU\u00c9S \u00ae,\u00a0Gij\u00f3n, Espagne - BLUE HOTELES - Site Web officiel","description":"R\u00e9servez directement avec\u00a0\u2705\u00a0Hotel Marqu\u00e9s \u00ae\u00a0\u2705, dans le centre de Gij\u00f3n, \u00e0 3 minutes \u00e0 pied de la plage. WiFi gratuit et le meilleur prix garanti","robots":{"index":"index","follow":"follow","max-snippet":"max-snippet:-1","max-image-preview":"max-image-preview:large","max-video-preview":"max-video-preview:-1"},"canonical":"https:\/\/www.bluehoteles.es\/marques-de-san-esteban\/fr\/","og_locale":"fr_FR","og_type":"article","og_title":"HOTEL MARQU\u00c9S \u00ae,\u00a0Gij\u00f3n, Espagne - BLUE HOTELES - Site Web officiel","og_description":"R\u00e9servez directement avec\u00a0\u2705\u00a0Hotel Marqu\u00e9s \u00ae\u00a0\u2705, dans le centre de Gij\u00f3n, \u00e0 3 minutes \u00e0 pied de la plage. WiFi gratuit et le meilleur prix garanti","og_url":"https:\/\/www.bluehoteles.es\/marques-de-san-esteban\/fr\/","og_site_name":"Hotel Marqu\u00e9s Gij\u00f3n","article_modified_time":"2025-04-09T09:06:23+00:00","twitter_card":"summary_large_image","twitter_misc":{"Est. reading time":"1 minute"},"schema":{"@context":"https:\/\/schema.org","@graph":[{"@type":"WebPage","@id":"https:\/\/www.bluehoteles.es\/marques-de-san-esteban\/fr\/","url":"https:\/\/www.bluehoteles.es\/marques-de-san-esteban\/fr\/","name":"HOTEL MARQU\u00c9S \u00ae,\u00a0Gij\u00f3n, Espagne - BLUE HOTELES - Site Web officiel","isPartOf":{"@id":"https:\/\/www.bluehoteles.es\/marques-de-san-esteban\/#website"},"datePublished":"2018-05-07T09:19:23+00:00","dateModified":"2025-04-09T09:06:23+00:00","description":"R\u00e9servez directement avec\u00a0\u2705\u00a0Hotel Marqu\u00e9s \u00ae\u00a0\u2705, dans le centre de Gij\u00f3n, \u00e0 3 minutes \u00e0 pied de la plage. WiFi gratuit et le meilleur prix garanti","breadcrumb":{"@id":"https:\/\/www.bluehoteles.es\/marques-de-san-esteban\/fr\/#breadcrumb"},"inLanguage":"fr-FR","potentialAction":[{"@type":"ReadAction","target":["https:\/\/www.bluehoteles.es\/marques-de-san-esteban\/fr\/"]}]},{"@type":"BreadcrumbList","@id":"https:\/\/www.bluehoteles.es\/marques-de-san-esteban\/fr\/#breadcrumb","itemListElement":[{"@type":"ListItem","position":1,"name":"Portada","item":"https:\/\/www.bluehoteles.es\/marques-de-san-esteban\/fr\/"},{"@type":"ListItem","position":2,"name":"Accueil Hotel Marqu\u00e9s Gij\u00f3n"}]},{"@type":"WebSite","@id":"https:\/\/www.bluehoteles.es\/marques-de-san-esteban\/#website","url":"https:\/\/www.bluehoteles.es\/marques-de-san-esteban\/","name":"Hotel Marqu\u00e9s Gij\u00f3n","description":"BLUE HOTEL Marqu\u00e9s de San Esteban","potentialAction":[{"@type":"SearchAction","target":{"@type":"EntryPoint","urlTemplate":"https:\/\/www.bluehoteles.es\/marques-de-san-esteban\/?s={search_term_string}"},"query-input":"required name=search_term_string"}],"inLanguage":"fr-FR"}]}},"_links":{"self":[{"href":"https:\/\/www.bluehoteles.es\/marques-de-san-esteban\/fr\/wp-json\/wp\/v2\/pages\/21638"}],"collection":[{"href":"https:\/\/www.bluehoteles.es\/marques-de-san-esteban\/fr\/wp-json\/wp\/v2\/pages"}],"about":[{"href":"https:\/\/www.bluehoteles.es\/marques-de-san-esteban\/fr\/wp-json\/wp\/v2\/types\/page"}],"author":[{"embeddable":true,"href":"https:\/\/www.bluehoteles.es\/marques-de-san-esteban\/fr\/wp-json\/wp\/v2\/users\/5"}],"replies":[{"embeddable":true,"href":"https:\/\/www.bluehoteles.es\/marques-de-san-esteban\/fr\/wp-json\/wp\/v2\/comments?post=21638"}],"version-history":[{"count":9,"href":"https:\/\/www.bluehoteles.es\/marques-de-san-esteban\/fr\/wp-json\/wp\/v2\/pages\/21638\/revisions"}],"predecessor-version":[{"id":23815,"href":"https:\/\/www.bluehoteles.es\/marques-de-san-esteban\/fr\/wp-json\/wp\/v2\/pages\/21638\/revisions\/23815"}],"wp:attachment":[{"href":"https:\/\/www.bluehoteles.es\/marques-de-san-esteban\/fr\/wp-json\/wp\/v2\/media?parent=21638"}],"curies":[{"name":"wp","href":"https:\/\/api.w.org\/{rel}","templated":true}]}}